{"id":547,"date":"2016-11-04T11:14:37","date_gmt":"2016-11-04T09:14:37","guid":{"rendered":"http:\/\/www.badhotelrenesse.nl\/de\/?page_id=547"},"modified":"2026-03-10T10:45:37","modified_gmt":"2026-03-10T08:45:37","slug":"ferien-zeeland","status":"publish","type":"page","link":"https:\/\/www.badhotelrenesse.nl\/de\/ferien-zeeland\/","title":{"rendered":"Ferien Zeeland"},"content":{"rendered":"<div   class='avia-fullscreen-slider main_color   avia-builder-el-0  el_before_av_section  avia-builder-el-first  container_wrap fullsize'  ><div  class='avia-slideshow av-3g2iej-ad236d10230a998ea35d545930263dbf av-control-minimal avia-slideshow-extra_large av_fullscreen avia-slide-slider av-default-height-applied   avia-slideshow-1'  data-size='extra_large'  data-lightbox_size='large'  data-animation='slide'  data-conditional_play=''  data-ids='6509'  data-video_counter='0'  data-autoplay='false'  data-bg_slider='true'  data-slide_height='100'  data-handle='av_fullscreen'  data-interval='5'  data-class=''  data-extra_class=' '  data-el_id=''  data-css_id='fullscreen_slider_1'  data-scroll_down=''  data-control_layout='av-control-minimal'  data-custom_markup=''  data-perma_caption=''  data-autoplay_stopper=''  data-image_attachment=''  data-min_height='0px'  data-lazy_loading='disabled'  data-default-height='61.4666666667'  data-img_scrset=''  data-av-desktop-hide=''  data-av-medium-hide=''  data-av-small-hide=''  data-av-mini-hide=''  data-id=''  data-custom_class=''  data-template_class=''  data-av_uid='av-3g2iej'  data-sc_version='1.0'  data-stretch=''  data-heading_tag=''  data-heading_class=''   itemprop=\"image\" itemscope=\"itemscope\" itemtype=\"https:\/\/schema.org\/ImageObject\" ><ul class='avia-slideshow-inner ' style='padding-bottom: 61.4666666667%;'><li style='background-position:center center;' data-img-url='https:\/\/www.badhotelrenesse.nl\/wp-content\/uploads\/2025\/09\/badhotel-renesse-feestdagen-header2-1500x922.webp' class='avia-slideshow-slide av-3g2iej-ad236d10230a998ea35d545930263dbf__0  av-single-slide slide-1 ' ><div data-rel='slideshow-1' class='avia-slide-wrap '   ><div class='av-slideshow-caption av-3g2iej-ad236d10230a998ea35d545930263dbf__0 caption_fullwidth caption_center caption_center_framed caption_framed'><div class=\"container caption_container\"><div class=\"slideshow_caption\"><div class=\"slideshow_inner_caption\"><div class=\"slideshow_align_caption\"><h2 class='avia-caption-title '  itemprop=\"name\" >Feiern Sie die Feiertage in Zeeland!<\/h2><\/div><\/div><\/div><\/div><\/div><\/div><\/li><\/ul><\/div><\/div>\n<div id='intro'  class='avia-section av-2uxqab-bef6c41c9b64c1a71d54df5b80c0ba34 main_color avia-section-no-padding avia-no-border-styling  avia-builder-el-1  el_after_av_fullscreen  el_before_av_section  edgeindex avia-bg-style-scroll container_wrap fullsize'  ><div class='container av-section-cont-open' ><div class='template-page content  av-content-full alpha units'><div class='post-entry post-entry-type-page post-entry-547'><div class='entry-content-wrapper clearfix'>\n<div class='flex_column_table av-2of0fv-45da820e16b0975e1716f44e21d28800 sc-av_one_fourth av-equal-height-column-flextable'>\n<style type=\"text\/css\" data-created_by=\"avia_inline_auto\" id=\"style-css-av-2of0fv-45da820e16b0975e1716f44e21d28800\">\n.flex_column.av-2of0fv-45da820e16b0975e1716f44e21d28800{\nborder-radius:0px 0px 0px 0px;\n-webkit-border-radius:0px 0px 0px 0px;\n-moz-border-radius:0px 0px 0px 0px;\n}\n<\/style>\n<div class='flex_column av-2of0fv-45da820e16b0975e1716f44e21d28800 av_one_fourth  avia-builder-el-2  el_before_av_one_half  avia-builder-el-first  first no_margin flex_column_table_cell av-equal-height-column av-align-top av-zero-column-padding '   ><\/div>\n<style type=\"text\/css\" data-created_by=\"avia_inline_auto\" id=\"style-css-av-945oz-a4dce9abdf487daf6b080d3121a85b4f\">\n.flex_column.av-945oz-a4dce9abdf487daf6b080d3121a85b4f{\nborder-radius:10px 10px 10px 10px;\n-webkit-border-radius:10px 10px 10px 10px;\n-moz-border-radius:10px 10px 10px 10px;\npadding:20px 20px 20px 20px;\n}\n<\/style>\n<div class='flex_column av-945oz-a4dce9abdf487daf6b080d3121a85b4f av_one_half  avia-builder-el-3  el_after_av_one_fourth  el_before_av_one_fourth  introheadertekst no_margin flex_column_table_cell av-equal-height-column av-align-top '   ><section  class='av_textblock_section av-2fwlkr-21f52210ffa320ad55f5a57e105e9405'  itemscope=\"itemscope\" itemtype=\"https:\/\/schema.org\/CreativeWork\" ><div class='avia_textblock introblok'  itemprop=\"text\" ><h1 style=\"text-align: center;\">Ferien in Zeeland<\/h1>\n<\/div><\/section><\/div>\n<style type=\"text\/css\" data-created_by=\"avia_inline_auto\" id=\"style-css-av-295mnv-5ef58e79476537bba1f3c0f22766b6b3\">\n.flex_column.av-295mnv-5ef58e79476537bba1f3c0f22766b6b3{\nborder-radius:0px 0px 0px 0px;\n-webkit-border-radius:0px 0px 0px 0px;\n-moz-border-radius:0px 0px 0px 0px;\n}\n<\/style>\n<div class='flex_column av-295mnv-5ef58e79476537bba1f3c0f22766b6b3 av_one_fourth  avia-builder-el-5  el_after_av_one_half  avia-builder-el-last  no_margin flex_column_table_cell av-equal-height-column av-align-top av-zero-column-padding '   ><\/div><\/div><!--close column table wrapper. Autoclose: 1 -->\n\n<\/div><\/div><\/div><!-- close content main div --><\/div><\/div><div id='av_section_2'  class='avia-section av-3legvh-db3afd0bde01c18945e9cf1235e07052 main_color avia-section-small avia-no-border-styling  avia-builder-el-6  el_after_av_section  avia-builder-el-last  avia-bg-style-scroll container_wrap fullsize'  ><div class='container av-section-cont-open' ><div class='template-page content  av-content-full alpha units'><div class='post-entry post-entry-type-page post-entry-547'><div class='entry-content-wrapper clearfix'>\n<div class='flex_column_table av-1rgayt-d9926b8bd01cc6345cf79947d84db5e9 sc-av_one_half av-equal-height-column-flextable'>\n<style type=\"text\/css\" data-created_by=\"avia_inline_auto\" id=\"style-css-av-1rgayt-d9926b8bd01cc6345cf79947d84db5e9\">\n#top .flex_column_table.av-equal-height-column-flextable.av-1rgayt-d9926b8bd01cc6345cf79947d84db5e9{\nmargin-top:10px;\nmargin-bottom:10px;\n}\n.flex_column.av-1rgayt-d9926b8bd01cc6345cf79947d84db5e9{\nborder-radius:0px 0px 0px 0px;\n-webkit-border-radius:0px 0px 0px 0px;\n-moz-border-radius:0px 0px 0px 0px;\npadding:50px 50px 50px 50px;\nbackground:url(https:\/\/www.badhotelrenesse.nl\/wp-content\/uploads\/2023\/11\/badhotel_renesse_kerstarrangement.webp) 50% 0% no-repeat scroll #a36440;\n}\n<\/style>\n<div class='flex_column av-1rgayt-d9926b8bd01cc6345cf79947d84db5e9 av_one_half  avia-builder-el-7  el_before_av_one_half  avia-builder-el-first  fotoblok first no_margin flex_column_table_cell av-equal-height-column av-align-top avia-full-contain '   ><\/div>\n<style type=\"text\/css\" data-created_by=\"avia_inline_auto\" id=\"style-css-av-1ltghx-f5bf15ee843bf0cd81c86b360221d3a3\">\n#top .flex_column_table.av-equal-height-column-flextable.av-1ltghx-f5bf15ee843bf0cd81c86b360221d3a3{\nmargin-top:10px;\nmargin-bottom:10px;\n}\n.flex_column.av-1ltghx-f5bf15ee843bf0cd81c86b360221d3a3{\nborder-radius:0px 0px 0px 0px;\n-webkit-border-radius:0px 0px 0px 0px;\n-moz-border-radius:0px 0px 0px 0px;\npadding:50px 50px 50px 50px;\nbackground-color:#a36440;\n}\n<\/style>\n<div class='flex_column av-1ltghx-f5bf15ee843bf0cd81c86b360221d3a3 av_one_half  avia-builder-el-8  el_after_av_one_half  el_before_av_one_half  no_margin flex_column_table_cell av-equal-height-column av-align-top '   ><p>\n<style type=\"text\/css\" data-created_by=\"avia_inline_auto\" id=\"style-css-av-snab-22fb693ea0257f71c0ce618d28f74577\">\n#top .av-special-heading.av-snab-22fb693ea0257f71c0ce618d28f74577{\npadding-bottom:20px;\ncolor:#ffffff;\n}\nbody .av-special-heading.av-snab-22fb693ea0257f71c0ce618d28f74577 .av-special-heading-tag .heading-char{\nfont-size:25px;\n}\n.av-special-heading.av-snab-22fb693ea0257f71c0ce618d28f74577 .special-heading-inner-border{\nborder-color:#ffffff;\n}\n.av-special-heading.av-snab-22fb693ea0257f71c0ce618d28f74577 .av-subheading{\nfont-size:15px;\n}\n<\/style>\n<div  class='av-special-heading av-snab-22fb693ea0257f71c0ce618d28f74577 av-special-heading-h2 custom-color-heading blockquote modern-quote modern-centered  avia-builder-el-9  el_before_av_textblock  avia-builder-el-first  av-linked-heading'><h2 class='av-special-heading-tag'  itemprop=\"headline\"  >Weihnachten-Arrangement<\/h2><div class=\"special-heading-border\"><div class=\"special-heading-inner-border\"><\/div><\/div><\/div><br \/>\n\n<style type=\"text\/css\" data-created_by=\"avia_inline_auto\" id=\"style-css-av-18z47h-63fc6a1a4b3efa70f5732ac0ec4e5595\">\n#top .av_textblock_section.av-18z47h-63fc6a1a4b3efa70f5732ac0ec4e5595 .avia_textblock{\ncolor:#ffffff;\n}\n<\/style>\n<section  class='av_textblock_section av-18z47h-63fc6a1a4b3efa70f5732ac0ec4e5595'  itemscope=\"itemscope\" itemtype=\"https:\/\/schema.org\/CreativeWork\" ><div class='avia_textblock av_inherit_color'  itemprop=\"text\" ><p><strong>Anreise am 24. Dezember 2026 \u2013 Abreise am 26. Dezember 2026<\/strong><br \/>\n(keine anderen An- oder Abreisedaten m\u00f6glich)<\/p>\n<ul>\n<li>2 \u00dcbernachtungen inklusive reichhaltigem Fr\u00fchst\u00fccksbuffet<\/li>\n<li>Am ersten Abend ein 3-G\u00e4nge-Wahlmen\u00fc mit einer Fisch- oder Fleischspezialit\u00e4t<\/li>\n<li>Optionaler Besuch des Weihnachtsgottesdienstes mit Kaffee und Weihnachtsstollen im Anschluss<\/li>\n<li>Am ersten Weihnachtstag ein kulinarisches 5-G\u00e4nge-Weihnachtsmen\u00fc<\/li>\n<li>Ein Tag kostenlose Nutzung unserer Hotelfahrr\u00e4der<\/li>\n<\/ul>\n<p><strong>Preis Standard-Hotelzimmer: ab \u20ac 309,00 pro Person<\/strong><\/p>\n<\/div><\/section><br \/>\n\n<style type=\"text\/css\" data-created_by=\"avia_inline_auto\" id=\"style-css-av-mk1nctto-a913171c81c9a670b9d81dbd18954982\">\n#top .hr.hr-invisible.av-mk1nctto-a913171c81c9a670b9d81dbd18954982{\nheight:18px;\n}\n<\/style>\n<div  class='hr av-mk1nctto-a913171c81c9a670b9d81dbd18954982 hr-invisible  avia-builder-el-11  el_after_av_textblock  el_before_av_button '><span class='hr-inner '><span class=\"hr-inner-style\"><\/span><\/span><\/div><br \/>\n<div  class='avia-button-wrap avia-button-left  avia-builder-el-12  el_after_av_hr  avia-builder-el-last ' >\n<style type=\"text\/css\" data-created_by=\"avia_inline_auto\" id=\"style-css-av-15cxh9-e5056554b13063db6f59a3b3f9b617cb\">\n#top #wrap_all .avia-button.av-15cxh9-e5056554b13063db6f59a3b3f9b617cb{\nbackground-color:#ffffff;\nborder-color:#ffffff;\ncolor:#000000;\ntransition:all 0.4s ease-in-out;\n-webkit-transition:all 0.4s ease-in-out;\n-moz-transition:all 0.4s ease-in-out;\n-ms-transition:all 0.4s ease-in-out;\n-o-transition:all 0.4s ease-in-out;\n}\n#top #wrap_all .avia-button.av-15cxh9-e5056554b13063db6f59a3b3f9b617cb:hover{\nbackground-color:#ffffff;\ncolor:#000000;\ntransition:all 0.4s ease-in-out;\n-webkit-transition:all 0.4s ease-in-out;\n-moz-transition:all 0.4s ease-in-out;\n-ms-transition:all 0.4s ease-in-out;\n-o-transition:all 0.4s ease-in-out;\n}\n<\/style>\n<a href='mailto:mailto:info@badhotelrenesse.nl?subject=Reserveringsaanvraag%20Driedaags%20Kerstarrangement%20van%20badhotelrenesse.nl'  class='avia-button av-15cxh9-e5056554b13063db6f59a3b3f9b617cb avia-icon_select-yes-left-icon avia-size-medium avia-position-left' ><span class='avia_button_icon avia_button_icon_left' aria-hidden='true' data-av_icon='\ue81f' data-av_iconfont='entypo-fontello'><\/span><span class='avia_iconbox_title' >Mail f\u00fcr Preise &amp; Verf\u00fcgbarkeit<\/span><\/a><\/div><\/p><\/div><\/div><!--close column table wrapper. Autoclose: 1 --><div class='flex_column_table av-ku2d9ibv-0c1477261cc9bccf205d2c182f9eaa0b sc-av_one_half av-equal-height-column-flextable'>\n<style type=\"text\/css\" data-created_by=\"avia_inline_auto\" id=\"style-css-av-ku2d9ibv-0c1477261cc9bccf205d2c182f9eaa0b\">\n#top .flex_column_table.av-equal-height-column-flextable.av-ku2d9ibv-0c1477261cc9bccf205d2c182f9eaa0b{\nmargin-top:10px;\nmargin-bottom:10px;\n}\n.flex_column.av-ku2d9ibv-0c1477261cc9bccf205d2c182f9eaa0b{\nborder-radius:0px 0px 0px 0px;\n-webkit-border-radius:0px 0px 0px 0px;\n-moz-border-radius:0px 0px 0px 0px;\npadding:50px 50px 50px 50px;\nbackground:url(https:\/\/www.badhotelrenesse.nl\/wp-content\/uploads\/2020\/01\/oudnieuw-1200x800.jpg) 50% 0% no-repeat scroll #eee0cb;\n}\n<\/style>\n<div class='flex_column av-ku2d9ibv-0c1477261cc9bccf205d2c182f9eaa0b av_one_half  avia-builder-el-13  el_after_av_one_half  el_before_av_one_half  fotoblok first no_margin flex_column_table_cell av-equal-height-column av-align-top avia-full-contain column-top-margin'   ><\/div>\n<style type=\"text\/css\" data-created_by=\"avia_inline_auto\" id=\"style-css-av-ku2df6z0-3b3fd56d46a6b7e0e08a04ccabfc3a3f\">\n#top .flex_column_table.av-equal-height-column-flextable.av-ku2df6z0-3b3fd56d46a6b7e0e08a04ccabfc3a3f{\nmargin-top:10px;\nmargin-bottom:10px;\n}\n.flex_column.av-ku2df6z0-3b3fd56d46a6b7e0e08a04ccabfc3a3f{\nborder-radius:0px 0px 0px 0px;\n-webkit-border-radius:0px 0px 0px 0px;\n-moz-border-radius:0px 0px 0px 0px;\npadding:50px 50px 50px 50px;\nbackground-color:#eee0cb;\n}\n<\/style>\n<div class='flex_column av-ku2df6z0-3b3fd56d46a6b7e0e08a04ccabfc3a3f av_one_half  avia-builder-el-14  el_after_av_one_half  avia-builder-el-last  no_margin flex_column_table_cell av-equal-height-column av-align-top column-top-margin'   ><p>\n<style type=\"text\/css\" data-created_by=\"avia_inline_auto\" id=\"style-css-av-95eg3-1831163d4832a3f21c4a537cf81230fa\">\n#top .av-special-heading.av-95eg3-1831163d4832a3f21c4a537cf81230fa{\npadding-bottom:20px;\ncolor:#000000;\n}\nbody .av-special-heading.av-95eg3-1831163d4832a3f21c4a537cf81230fa .av-special-heading-tag .heading-char{\nfont-size:25px;\n}\n.av-special-heading.av-95eg3-1831163d4832a3f21c4a537cf81230fa .special-heading-inner-border{\nborder-color:#000000;\n}\n.av-special-heading.av-95eg3-1831163d4832a3f21c4a537cf81230fa .av-subheading{\nfont-size:15px;\n}\n<\/style>\n<div  class='av-special-heading av-95eg3-1831163d4832a3f21c4a537cf81230fa av-special-heading-h2 custom-color-heading blockquote modern-quote modern-centered  avia-builder-el-15  el_before_av_textblock  avia-builder-el-first  av-linked-heading'><h2 class='av-special-heading-tag'  itemprop=\"headline\"  >Sylvester Arrangement<\/h2><div class=\"special-heading-border\"><div class=\"special-heading-inner-border\"><\/div><\/div><\/div><br \/>\n<section  class='av_textblock_section av-ku2ddih2-370b0bf5621329d7454635d93ae0e768'  itemscope=\"itemscope\" itemtype=\"https:\/\/schema.org\/CreativeWork\" ><div class='avia_textblock'  itemprop=\"text\" ><p>Traditionsgem\u00e4\u00df findet im Badhotel Renesse auch dieses Jahr wieder ein unvergessliches Fest zum Jahreswechsel statt, das Sie einfach nicht verpassen d\u00fcrfen! Nachdem Sie von einem sch\u00f6nen Strandspaziergang zur\u00fcckgekommen sind, werden Sie bei uns mit brennenden Feuerk\u00f6rben empfangen. Der Gl\u00fchwein wartet auf Sie, und Sie k\u00f6nnen sich in unserer stimmungsvollen Hotelbar entspannen.<\/p>\n<p>In diesem Jahr haben wir eine phantastische Band buchen k\u00f6nnen, die den Abend passend begleitet. Das Repertoire der Band f\u00fchrt von mexikanischen und karibischen Kl\u00e4ngen bis hin zum Jazz, aber auch einige Pop-Klassiker d\u00fcrfen nat\u00fcrlich nicht fehlen!<\/p>\n<p>Das K\u00fcchenteam wird auch in diesem Jahr wieder alles daran setzen, um die Vorjahre zu \u00fcbertreffen mit phantastischen B\u00fcffets, exquisiten Spezialit\u00e4ten und feinen Desserts. Um Mitternacht sto\u00dfen wir dann gerne mit Ihnen zusammen mit einem Glas Champagner an und begr\u00fc\u00dfen das neue Jahr.<\/p>\n<p><strong>Anreise am 30. Dezember 2026 \u2013 Abreise am 1. Januar 2027<\/strong><\/p>\n<ul>\n<li>2 \u00dcbernachtungen in einen Doppelzimmer<\/li>\n<li>2x Fr\u00fchstuckbuffet<\/li>\n<li>Am 30. Dezember ein 3-G\u00e4nge menu in <a href=\"https:\/\/www.brasseriebries.nl\" target=\"_blank\" rel=\"noopener\">Brasserie Bries<\/a><\/li>\n<li>Am 31. Dezember ein Buffet mit kalten und warmen Spezialit\u00e4ten und Desserts<\/li>\n<li>\u00d6lkrapfen mit Gl\u00fchwein<\/li>\n<li>Gro\u00df Sylvesterfest mit Live-Musik<\/li>\n<\/ul>\n<p><strong>Preis Standard-Hotelzimmer: ab \u20ac 425,00 pro Person<\/strong><\/p>\n<\/div><\/section><br \/>\n\n<style type=\"text\/css\" data-created_by=\"avia_inline_auto\" id=\"style-css-av-70azf-b4605fd9ce816762362b448b2f455050\">\n#top .hr.hr-invisible.av-70azf-b4605fd9ce816762362b448b2f455050{\nheight:18px;\n}\n<\/style>\n<div  class='hr av-70azf-b4605fd9ce816762362b448b2f455050 hr-invisible  avia-builder-el-17  el_after_av_textblock  el_before_av_button '><span class='hr-inner '><span class=\"hr-inner-style\"><\/span><\/span><\/div><br \/>\n<div  class='avia-button-wrap avia-button-left  avia-builder-el-18  el_after_av_hr  avia-builder-el-last ' >\n<style type=\"text\/css\" data-created_by=\"avia_inline_auto\" id=\"style-css-av-ku2de8dz-e21b0b04d21fdb3cd47afc249cd20fa4\">\n#top #wrap_all .avia-button.av-ku2de8dz-e21b0b04d21fdb3cd47afc249cd20fa4{\nbackground-color:#a36440;\nborder-color:#a36440;\ncolor:#ffffff;\ntransition:all 0.4s ease-in-out;\n-webkit-transition:all 0.4s ease-in-out;\n-moz-transition:all 0.4s ease-in-out;\n-ms-transition:all 0.4s ease-in-out;\n-o-transition:all 0.4s ease-in-out;\n}\n#top #wrap_all .avia-button.av-ku2de8dz-e21b0b04d21fdb3cd47afc249cd20fa4:hover{\nbackground-color:#a36440;\ncolor:#ffffff;\ntransition:all 0.4s ease-in-out;\n-webkit-transition:all 0.4s ease-in-out;\n-moz-transition:all 0.4s ease-in-out;\n-ms-transition:all 0.4s ease-in-out;\n-o-transition:all 0.4s ease-in-out;\n}\n<\/style>\n<a href='mailto:mailto:info@badhotelrenesse.nl?subject=Reserveringsaanvraag%20Sylvesterarrangement%20van%20badhotelrenesse.nl'  class='avia-button av-ku2de8dz-e21b0b04d21fdb3cd47afc249cd20fa4 avia-icon_select-yes-left-icon avia-size-medium avia-position-left' ><span class='avia_button_icon avia_button_icon_left' aria-hidden='true' data-av_icon='\ue81f' data-av_iconfont='entypo-fontello'><\/span><span class='avia_iconbox_title' >Mail f\u00fcr Preise &amp; Verf\u00fcgbarkeit<\/span><\/a><\/div><\/p><\/div><\/div><!--close column table wrapper. Autoclose: 1 -->\n","protected":false},"excerpt":{"rendered":"","protected":false},"author":21,"featured_media":0,"parent":0,"menu_order":0,"comment_status":"closed","ping_status":"closed","template":"","meta":{"footnotes":""},"class_list":["post-547","page","type-page","status-publish","hentry"],"yoast_head":"<!-- This site is optimized with the Yoast SEO plugin v27.0 - https:\/\/yoast.com\/product\/yoast-seo-wordpress\/ -->\n<title>Ferien Zeeland - Badhotel Renesse<\/title>\n<meta name=\"robots\" content=\"index, follow, max-snippet:-1, max-image-preview:large, max-video-preview:-1\" \/>\n<link rel=\"canonical\" href=\"https:\/\/www.badhotelrenesse.nl\/de\/ferien-zeeland\/\" \/>\n<meta property=\"og:locale\" content=\"de_DE\" \/>\n<meta property=\"og:type\" content=\"article\" \/>\n<meta property=\"og:title\" content=\"Ferien Zeeland - Badhotel Renesse\" \/>\n<meta property=\"og:url\" content=\"https:\/\/www.badhotelrenesse.nl\/de\/ferien-zeeland\/\" \/>\n<meta property=\"og:site_name\" content=\"Badhotel Renesse\" \/>\n<meta property=\"article:publisher\" content=\"https:\/\/nl-nl.facebook.com\/badhotel.renesse\" \/>\n<meta property=\"article:modified_time\" content=\"2026-03-10T08:45:37+00:00\" \/>\n<meta name=\"twitter:card\" content=\"summary_large_image\" \/>\n<meta name=\"twitter:site\" content=\"@badhotelrenesse\" \/>\n<meta name=\"twitter:label1\" content=\"Est. reading time\" \/>\n\t<meta name=\"twitter:data1\" content=\"5 Minuten\" \/>\n<script type=\"application\/ld+json\" class=\"yoast-schema-graph\">{\"@context\":\"https:\/\/schema.org\",\"@graph\":[{\"@type\":\"WebPage\",\"@id\":\"https:\/\/www.badhotelrenesse.nl\/de\/ferien-zeeland\/\",\"url\":\"https:\/\/www.badhotelrenesse.nl\/de\/ferien-zeeland\/\",\"name\":\"Ferien Zeeland - Badhotel Renesse\",\"isPartOf\":{\"@id\":\"https:\/\/www.badhotelrenesse.nl\/de\/#website\"},\"datePublished\":\"2016-11-04T09:14:37+00:00\",\"dateModified\":\"2026-03-10T08:45:37+00:00\",\"breadcrumb\":{\"@id\":\"https:\/\/www.badhotelrenesse.nl\/de\/ferien-zeeland\/#breadcrumb\"},\"inLanguage\":\"de-DE\",\"potentialAction\":[{\"@type\":\"ReadAction\",\"target\":[\"https:\/\/www.badhotelrenesse.nl\/de\/ferien-zeeland\/\"]}]},{\"@type\":\"BreadcrumbList\",\"@id\":\"https:\/\/www.badhotelrenesse.nl\/de\/ferien-zeeland\/#breadcrumb\",\"itemListElement\":[{\"@type\":\"ListItem\",\"position\":1,\"name\":\"Home\",\"item\":\"https:\/\/www.badhotelrenesse.nl\/de\/home\/\"},{\"@type\":\"ListItem\",\"position\":2,\"name\":\"Ferien Zeeland\"}]},{\"@type\":\"WebSite\",\"@id\":\"https:\/\/www.badhotelrenesse.nl\/de\/#website\",\"url\":\"https:\/\/www.badhotelrenesse.nl\/de\/\",\"name\":\"Badhotel Renesse\",\"description\":\"Hotel in Zeeland\",\"publisher\":{\"@id\":\"https:\/\/www.badhotelrenesse.nl\/de\/#organization\"},\"potentialAction\":[{\"@type\":\"SearchAction\",\"target\":{\"@type\":\"EntryPoint\",\"urlTemplate\":\"https:\/\/www.badhotelrenesse.nl\/de\/?s={search_term_string}\"},\"query-input\":{\"@type\":\"PropertyValueSpecification\",\"valueRequired\":true,\"valueName\":\"search_term_string\"}}],\"inLanguage\":\"de-DE\"},{\"@type\":\"Organization\",\"@id\":\"https:\/\/www.badhotelrenesse.nl\/de\/#organization\",\"name\":\"Badhotel Renesse\",\"url\":\"https:\/\/www.badhotelrenesse.nl\/de\/\",\"logo\":{\"@type\":\"ImageObject\",\"inLanguage\":\"de-DE\",\"@id\":\"https:\/\/www.badhotelrenesse.nl\/de\/#\/schema\/logo\/image\/\",\"url\":\"https:\/\/www.badhotelrenesse.nl\/wp-content\/uploads\/2016\/06\/Logo-Badhotel-Renesse-large.png\",\"contentUrl\":\"https:\/\/www.badhotelrenesse.nl\/wp-content\/uploads\/2016\/06\/Logo-Badhotel-Renesse-large.png\",\"width\":200,\"height\":200,\"caption\":\"Badhotel Renesse\"},\"image\":{\"@id\":\"https:\/\/www.badhotelrenesse.nl\/de\/#\/schema\/logo\/image\/\"},\"sameAs\":[\"https:\/\/nl-nl.facebook.com\/badhotel.renesse\",\"https:\/\/x.com\/badhotelrenesse\",\"http:\/\/www.youtube.com\/user\/badhotelrenesse\"]}]}<\/script>\n<!-- \/ Yoast SEO plugin. -->","yoast_head_json":{"title":"Ferien Zeeland - Badhotel Renesse","robots":{"index":"index","follow":"follow","max-snippet":"max-snippet:-1","max-image-preview":"max-image-preview:large","max-video-preview":"max-video-preview:-1"},"canonical":"https:\/\/www.badhotelrenesse.nl\/de\/ferien-zeeland\/","og_locale":"de_DE","og_type":"article","og_title":"Ferien Zeeland - Badhotel Renesse","og_url":"https:\/\/www.badhotelrenesse.nl\/de\/ferien-zeeland\/","og_site_name":"Badhotel Renesse","article_publisher":"https:\/\/nl-nl.facebook.com\/badhotel.renesse","article_modified_time":"2026-03-10T08:45:37+00:00","twitter_card":"summary_large_image","twitter_site":"@badhotelrenesse","twitter_misc":{"Est. reading time":"5 Minuten"},"schema":{"@context":"https:\/\/schema.org","@graph":[{"@type":"WebPage","@id":"https:\/\/www.badhotelrenesse.nl\/de\/ferien-zeeland\/","url":"https:\/\/www.badhotelrenesse.nl\/de\/ferien-zeeland\/","name":"Ferien Zeeland - Badhotel Renesse","isPartOf":{"@id":"https:\/\/www.badhotelrenesse.nl\/de\/#website"},"datePublished":"2016-11-04T09:14:37+00:00","dateModified":"2026-03-10T08:45:37+00:00","breadcrumb":{"@id":"https:\/\/www.badhotelrenesse.nl\/de\/ferien-zeeland\/#breadcrumb"},"inLanguage":"de-DE","potentialAction":[{"@type":"ReadAction","target":["https:\/\/www.badhotelrenesse.nl\/de\/ferien-zeeland\/"]}]},{"@type":"BreadcrumbList","@id":"https:\/\/www.badhotelrenesse.nl\/de\/ferien-zeeland\/#breadcrumb","itemListElement":[{"@type":"ListItem","position":1,"name":"Home","item":"https:\/\/www.badhotelrenesse.nl\/de\/home\/"},{"@type":"ListItem","position":2,"name":"Ferien Zeeland"}]},{"@type":"WebSite","@id":"https:\/\/www.badhotelrenesse.nl\/de\/#website","url":"https:\/\/www.badhotelrenesse.nl\/de\/","name":"Badhotel Renesse","description":"Hotel in Zeeland","publisher":{"@id":"https:\/\/www.badhotelrenesse.nl\/de\/#organization"},"potentialAction":[{"@type":"SearchAction","target":{"@type":"EntryPoint","urlTemplate":"https:\/\/www.badhotelrenesse.nl\/de\/?s={search_term_string}"},"query-input":{"@type":"PropertyValueSpecification","valueRequired":true,"valueName":"search_term_string"}}],"inLanguage":"de-DE"},{"@type":"Organization","@id":"https:\/\/www.badhotelrenesse.nl\/de\/#organization","name":"Badhotel Renesse","url":"https:\/\/www.badhotelrenesse.nl\/de\/","logo":{"@type":"ImageObject","inLanguage":"de-DE","@id":"https:\/\/www.badhotelrenesse.nl\/de\/#\/schema\/logo\/image\/","url":"https:\/\/www.badhotelrenesse.nl\/wp-content\/uploads\/2016\/06\/Logo-Badhotel-Renesse-large.png","contentUrl":"https:\/\/www.badhotelrenesse.nl\/wp-content\/uploads\/2016\/06\/Logo-Badhotel-Renesse-large.png","width":200,"height":200,"caption":"Badhotel Renesse"},"image":{"@id":"https:\/\/www.badhotelrenesse.nl\/de\/#\/schema\/logo\/image\/"},"sameAs":["https:\/\/nl-nl.facebook.com\/badhotel.renesse","https:\/\/x.com\/badhotelrenesse","http:\/\/www.youtube.com\/user\/badhotelrenesse"]}]}},"_links":{"self":[{"href":"https:\/\/www.badhotelrenesse.nl\/de\/wp-json\/wp\/v2\/pages\/547","targetHints":{"allow":["GET"]}}],"collection":[{"href":"https:\/\/www.badhotelrenesse.nl\/de\/wp-json\/wp\/v2\/pages"}],"about":[{"href":"https:\/\/www.badhotelrenesse.nl\/de\/wp-json\/wp\/v2\/types\/page"}],"author":[{"embeddable":true,"href":"https:\/\/www.badhotelrenesse.nl\/de\/wp-json\/wp\/v2\/users\/21"}],"replies":[{"embeddable":true,"href":"https:\/\/www.badhotelrenesse.nl\/de\/wp-json\/wp\/v2\/comments?post=547"}],"version-history":[{"count":0,"href":"https:\/\/www.badhotelrenesse.nl\/de\/wp-json\/wp\/v2\/pages\/547\/revisions"}],"wp:attachment":[{"href":"https:\/\/www.badhotelrenesse.nl\/de\/wp-json\/wp\/v2\/media?parent=547"}],"curies":[{"name":"wp","href":"https:\/\/api.w.org\/{rel}","templated":true}]}}